{"id":37,"date":"2021-10-27T15:31:31","date_gmt":"2021-10-27T13:31:31","guid":{"rendered":"http:\/\/bator.albrechtgaebel.de\/?page_id=37"},"modified":"2024-06-12T11:26:27","modified_gmt":"2024-06-12T09:26:27","slug":"on-screen","status":"publish","type":"page","link":"https:\/\/marcbator.de\/en\/on-screen\/","title":{"rendered":"ON THE SCREEN EN"},"content":{"rendered":"","protected":false},"excerpt":{"rendered":"","protected":false},"author":1,"featured_media":0,"parent":0,"menu_order":4,"comment_status":"closed","ping_status":"closed","template":"","meta":{"_crdt_document":""},"class_list":["post-37","page","type-page","status-publish","hentry"],"aioseo_notices":[],"grid":"{\r\n  \"colCount\": 12,\r\n  \"colGutter\": 1,\r\n  \"rowGutters\": [\r\n    0,\r\n    0,\r\n    0,\r\n    0,\r\n    0,\r\n    0,\r\n    0,\r\n    0,\r\n    0,\r\n    0\r\n  ],\r\n  \"frameMargin\": 4,\r\n  \"topFrameMargin\": 40,\r\n  \"bottomFrameMargin\": 4,\r\n  \"rowAttrs\": [\r\n    {\r\n      \"bgimage\": {\r\n        \"attid\": 145,\r\n        \"url\": \"\/wp-content\/uploads\/2021\/12\/GettyImages-182935792_bearbeitet-2bigger.jpg\",\r\n        \"sizes\": {\r\n          \"_1920\": {\r\n            \"w\": 1920,\r\n            \"h\": 1150,\r\n            \"url\": \"\/wp-content\/uploads\/2021\/12\/GettyImages-182935792_bearbeitet-2bigger-1920x1150.jpg\"\r\n          },\r\n          \"_1280\": {\r\n            \"w\": 1280,\r\n            \"h\": 767,\r\n            \"url\": \"\/wp-content\/uploads\/2021\/12\/GettyImages-182935792_bearbeitet-2bigger-1280x767.jpg\"\r\n          },\r\n          \"_1024\": {\r\n            \"w\": 1024,\r\n            \"h\": 613,\r\n            \"url\": \"\/wp-content\/uploads\/2021\/12\/GettyImages-182935792_bearbeitet-2bigger-1024x613.jpg\"\r\n          },\r\n          \"_768\": {\r\n            \"w\": 768,\r\n            \"h\": 460,\r\n            \"url\": \"\/wp-content\/uploads\/2021\/12\/GettyImages-182935792_bearbeitet-2bigger-768x460.jpg\"\r\n          },\r\n          \"_512\": {\r\n            \"w\": 512,\r\n            \"h\": 307,\r\n            \"url\": \"\/wp-content\/uploads\/2021\/12\/GettyImages-182935792_bearbeitet-2bigger-512x307.jpg\"\r\n          },\r\n          \"_265\": {\r\n            \"w\": 265,\r\n            \"h\": 159,\r\n            \"url\": \"\/wp-content\/uploads\/2021\/12\/GettyImages-182935792_bearbeitet-2bigger-265x159.jpg\"\r\n          }\r\n        }\r\n      },\r\n      \"row100vh\": true,\r\n      \"rowcustomheight\": \"\",\r\n      \"relid\": 8\r\n    },\r\n    {\r\n      \"relid\": 12\r\n    },\r\n    {\r\n      \"relid\": 34\r\n    },\r\n    {\r\n      \"relid\": 35\r\n    },\r\n    {\r\n      \"relid\": 39\r\n    },\r\n    {\r\n      \"relid\": 40\r\n    },\r\n    {\r\n      \"relid\": 41\r\n    },\r\n    {\r\n      \"relid\": 42\r\n    },\r\n    {\r\n      \"relid\": 43\r\n    },\r\n    {\r\n      \"relid\": 44\r\n    },\r\n    {\r\n      \"relid\": 45\r\n    }\r\n  ],\r\n  \"bgColor\": null,\r\n  \"cont\": [\r\n    {\r\n      \"type\": \"hr\",\r\n      \"cont\": \"\",\r\n      \"align\": \"top\",\r\n      \"row\": 1,\r\n      \"col\": 0,\r\n      \"colspan\": 12,\r\n      \"offsetx\": 0,\r\n      \"offsety\": 0,\r\n      \"spaceabove\": 0,\r\n      \"spacebelow\": 0,\r\n      \"yvel\": 1,\r\n      \"push\": 0,\r\n      \"relid\": 33,\r\n      \"frameOverflow\": \"both\",\r\n      \"absolute_position\": false\r\n    },\r\n    {\r\n      \"type\": \"text\",\r\n      \"cont\": \"<h1 class=\\\"_H1\\\" style=\\\"text-align: center;\\\">On Screen<\/h1><p class=\\\"_Body\\\" style=\\\"text-align: center;\\\">Das ist eine Auswahl verschiedener Auftritte und Eins\u00e4tze von Marc Bator als Moderator und Gast in der TV-Unterhaltung. Die Bandbreite seines Schaffens ist weit gr\u00f6\u00dfer. Bitte fordern Sie gerne Referenzen an und richten Sie Ihre Anfrage an die angegebenen Adressen unter <span style=\\\"text-decoration: underline;\\\"><a href=\\\"https:\/\/marcbator.de\/contact\/\\\" data-type=\\\"page\\\" data-id=\\\"66\\\" data-title=\\\"Contact DE\\\">CONTACT<\/a><\/span>.<\/p>\",\r\n      \"align\": \"top\",\r\n      \"row\": 2,\r\n      \"col\": 3,\r\n      \"colspan\": 6,\r\n      \"offsetx\": 0,\r\n      \"offsety\": 0,\r\n      \"spaceabove\": 150,\r\n      \"spacebelow\": 150,\r\n      \"yvel\": 1,\r\n      \"push\": 3,\r\n      \"relid\": 114,\r\n      \"absolute_position\": false\r\n    },\r\n    {\r\n      \"type\": \"text\",\r\n      \"cont\": \"<p class=\\\"_Body\\\">Interview<br \/>Sat.1 \u2013 Sommerinterview, Angela Merkel (2014)<\/p>\",\r\n      \"align\": \"top\",\r\n      \"row\": 3,\r\n      \"col\": 0,\r\n      \"colspan\": 6,\r\n      \"offsetx\": 0,\r\n      \"offsety\": 0,\r\n      \"spaceabove\": 40,\r\n      \"spacebelow\": 16,\r\n      \"yvel\": 1,\r\n      \"push\": 0,\r\n      \"relid\": 13,\r\n      \"absolute_position\": false\r\n    },\r\n    {\r\n      \"type\": \"text\",\r\n      \"cont\": \"<p class=\\\"_Body\\\">Moderation<br \/>Sat.1 \u2013 Deutscher Fernsehpreis (2013)<\/p>\",\r\n      \"align\": \"top\",\r\n      \"row\": 3,\r\n      \"col\": 6,\r\n      \"colspan\": 6,\r\n      \"offsetx\": 0,\r\n      \"offsety\": 0,\r\n      \"spaceabove\": 40,\r\n      \"spacebelow\": 16,\r\n      \"yvel\": 1,\r\n      \"push\": 0,\r\n      \"relid\": 16,\r\n      \"absolute_position\": false\r\n    },\r\n    {\r\n      \"type\": \"embed\",\r\n      \"cont\": \"<iframe title=\\\"Sat 1 \u2013 Sommerinterview Angela Merkel (2014)\\\" width=\\\"500\\\" height=\\\"281\\\" src=\\\"https:\/\/www.youtube.com\/embed\/ZoH2-4tV5tk?feature=oembed\\\" frameborder=\\\"0\\\" allow=\\\"accelerometer; autoplay; clipboard-write; encrypted-media; gyroscope; picture-in-picture\\\" allowfullscreen><\/iframe>\",\r\n      \"align\": \"top\",\r\n      \"row\": 4,\r\n      \"col\": 0,\r\n      \"colspan\": 6,\r\n      \"offsetx\": 0,\r\n      \"offsety\": 0,\r\n      \"spaceabove\": 0,\r\n      \"spacebelow\": 0,\r\n      \"yvel\": 1,\r\n      \"push\": 0,\r\n      \"relid\": 14,\r\n      \"url\": \"https:\/\/youtu.be\/ZoH2-4tV5tk\",\r\n      \"w\": 500,\r\n      \"h\": 281,\r\n      \"absolute_position\": false\r\n    },\r\n    {\r\n      \"type\": \"embed\",\r\n      \"cont\": \"<iframe title=\\\"Sat.1 \u2013 Deutscher Fernsehpreis (2013)\\\" width=\\\"500\\\" height=\\\"281\\\" src=\\\"https:\/\/www.youtube.com\/embed\/Wmt2kJbeVlk?feature=oembed\\\" frameborder=\\\"0\\\" allow=\\\"accelerometer; autoplay; clipboard-write; encrypted-media; gyroscope; picture-in-picture\\\" allowfullscreen><\/iframe>\",\r\n      \"align\": \"top\",\r\n      \"row\": 4,\r\n      \"col\": 6,\r\n      \"colspan\": 6,\r\n      \"offsetx\": 0,\r\n      \"offsety\": 0,\r\n      \"spaceabove\": 0,\r\n      \"spacebelow\": 0,\r\n      \"yvel\": 1,\r\n      \"push\": 0,\r\n      \"relid\": 15,\r\n      \"url\": \"https:\/\/youtu.be\/Wmt2kJbeVlk  \",\r\n      \"w\": 500,\r\n      \"h\": 281,\r\n      \"frameOverflow\": \"\",\r\n      \"absolute_position\": false\r\n    },\r\n    {\r\n      \"type\": \"text\",\r\n      \"cont\": \"<p class=\\\"_Body\\\">Panel discussion<br \/>Sky90 \u2013 Fu\u00dfball-Talk (2011)<\/p>\",\r\n      \"align\": \"top\",\r\n      \"row\": 5,\r\n      \"col\": 0,\r\n      \"colspan\": 6,\r\n      \"offsetx\": 0,\r\n      \"offsety\": 0,\r\n      \"spaceabove\": 40,\r\n      \"spacebelow\": 16,\r\n      \"yvel\": 1,\r\n      \"push\": 0,\r\n      \"relid\": 18,\r\n      \"absolute_position\": false\r\n    },\r\n    {\r\n      \"type\": \"text\",\r\n      \"cont\": \"<p class=\\\"_Body\\\">Moderation<br \/>Sat.1 \u2013 Ich liebe Deutschland (2011)<\/p>\",\r\n      \"align\": \"top\",\r\n      \"row\": 5,\r\n      \"col\": 6,\r\n      \"colspan\": 6,\r\n      \"offsetx\": 0,\r\n      \"offsety\": 0,\r\n      \"spaceabove\": 40,\r\n      \"spacebelow\": 16,\r\n      \"yvel\": 1,\r\n      \"push\": 0,\r\n      \"relid\": 20,\r\n      \"absolute_position\": false\r\n    },\r\n    {\r\n      \"type\": \"embed\",\r\n      \"cont\": \"<iframe title=\\\"Sky90 \u2013 Fu\u00dfball-Talk (2011)\\\" width=\\\"500\\\" height=\\\"281\\\" src=\\\"https:\/\/www.youtube.com\/embed\/YluSFv_twgU?feature=oembed\\\" frameborder=\\\"0\\\" allow=\\\"accelerometer; autoplay; clipboard-write; encrypted-media; gyroscope; picture-in-picture\\\" allowfullscreen><\/iframe>\",\r\n      \"align\": \"top\",\r\n      \"row\": 6,\r\n      \"col\": 0,\r\n      \"colspan\": 6,\r\n      \"offsetx\": 0,\r\n      \"offsety\": 0,\r\n      \"spaceabove\": 0,\r\n      \"spacebelow\": 40,\r\n      \"yvel\": 1,\r\n      \"push\": 0,\r\n      \"relid\": 17,\r\n      \"url\": \"https:\/\/www.youtube.com\/watch?v=YluSFv_twgU\",\r\n      \"w\": 500,\r\n      \"h\": 281,\r\n      \"absolute_position\": false\r\n    },\r\n    {\r\n      \"type\": \"embed\",\r\n      \"cont\": \"<iframe title=\\\"Sat.1 \u2013 Ich liebe Deutschland (2011)\\\" width=\\\"500\\\" height=\\\"281\\\" src=\\\"https:\/\/www.youtube.com\/embed\/5QMByMjHeT0?feature=oembed\\\" frameborder=\\\"0\\\" allow=\\\"accelerometer; autoplay; clipboard-write; encrypted-media; gyroscope; picture-in-picture\\\" allowfullscreen><\/iframe>\",\r\n      \"align\": \"top\",\r\n      \"row\": 6,\r\n      \"col\": 6,\r\n      \"colspan\": 6,\r\n      \"offsetx\": 0,\r\n      \"offsety\": 0,\r\n      \"spaceabove\": 0,\r\n      \"spacebelow\": 40,\r\n      \"yvel\": 1,\r\n      \"push\": 0,\r\n      \"relid\": 19,\r\n      \"url\": \"https:\/\/www.youtube.com\/watch?v=5QMByMjHeT0\",\r\n      \"w\": 500,\r\n      \"h\": 281,\r\n      \"absolute_position\": false\r\n    },\r\n    {\r\n      \"type\": \"text\",\r\n      \"cont\": \"<p class=\\\"_Body\\\">Moderation<br \/>ARD Tagesschau (2013)<\/p>\",\r\n      \"align\": \"top\",\r\n      \"row\": 7,\r\n      \"col\": 0,\r\n      \"colspan\": 6,\r\n      \"offsetx\": 0,\r\n      \"offsety\": 0,\r\n      \"spaceabove\": 40,\r\n      \"spacebelow\": 16,\r\n      \"yvel\": 1,\r\n      \"push\": 0,\r\n      \"relid\": 113,\r\n      \"absolute_position\": false\r\n    },\r\n    {\r\n      \"type\": \"text\",\r\n      \"cont\": \"<p class=\\\"_Body\\\">TV spot<br \/>ProSiebenSat1 Media AG \u2013 \u201eGeh w\u00e4hlen\u201c (2013)<\/p>\",\r\n      \"align\": \"top\",\r\n      \"row\": 7,\r\n      \"col\": 6,\r\n      \"colspan\": 6,\r\n      \"offsetx\": 0,\r\n      \"offsety\": 0,\r\n      \"spaceabove\": 40,\r\n      \"spacebelow\": 16,\r\n      \"yvel\": 1,\r\n      \"push\": 0,\r\n      \"relid\": 116,\r\n      \"absolute_position\": false\r\n    },\r\n    {\r\n      \"type\": \"embed\",\r\n      \"cont\": \"<iframe title=\\\"ARD Tagesschau Moderation 2013\\\" width=\\\"500\\\" height=\\\"281\\\" src=\\\"https:\/\/www.youtube.com\/embed\/HK8mKYDXztY?feature=oembed\\\" frameborder=\\\"0\\\" allow=\\\"accelerometer; autoplay; clipboard-write; encrypted-media; gyroscope; picture-in-picture\\\" allowfullscreen><\/iframe>\",\r\n      \"align\": \"top\",\r\n      \"row\": 8,\r\n      \"col\": 0,\r\n      \"colspan\": 6,\r\n      \"offsetx\": 0,\r\n      \"offsety\": 0,\r\n      \"spaceabove\": 0,\r\n      \"spacebelow\": 40,\r\n      \"yvel\": 1,\r\n      \"push\": 0,\r\n      \"relid\": 4,\r\n      \"url\": \"https:\/\/youtu.be\/HK8mKYDXztY\",\r\n      \"w\": 500,\r\n      \"h\": 281,\r\n      \"absolute_position\": false\r\n    },\r\n    {\r\n      \"type\": \"embed\",\r\n      \"cont\": \"<iframe title=\\\"TV Clip ProSiebenSat1 Media AG \u2013 \u201eGeh w\u00e4hlen\u201c (2013)\\\" width=\\\"500\\\" height=\\\"281\\\" src=\\\"https:\/\/www.youtube.com\/embed\/6o31hsJ84oU?feature=oembed\\\" frameborder=\\\"0\\\" allow=\\\"accelerometer; autoplay; clipboard-write; encrypted-media; gyroscope; picture-in-picture\\\" allowfullscreen><\/iframe>\",\r\n      \"align\": \"top\",\r\n      \"row\": 8,\r\n      \"col\": 6,\r\n      \"colspan\": 6,\r\n      \"offsetx\": 0,\r\n      \"offsety\": 0,\r\n      \"spaceabove\": 0,\r\n      \"spacebelow\": 40,\r\n      \"yvel\": 1,\r\n      \"push\": 0,\r\n      \"relid\": 10,\r\n      \"url\": \"https:\/\/youtu.be\/6o31hsJ84oU\",\r\n      \"w\": 500,\r\n      \"h\": 281,\r\n      \"absolute_position\": false\r\n    },\r\n    {\r\n      \"type\": \"text\",\r\n      \"cont\": \"<p class=\\\"_Body\\\">TV spot<br \/>Sat.1 \u2014 \u201eSuper-Sommer\u201c (2016)<\/p>\",\r\n      \"align\": \"top\",\r\n      \"row\": 9,\r\n      \"col\": 0,\r\n      \"colspan\": 4,\r\n      \"offsetx\": 0,\r\n      \"offsety\": 0,\r\n      \"spaceabove\": 40,\r\n      \"spacebelow\": 16,\r\n      \"yvel\": 1,\r\n      \"push\": 0,\r\n      \"relid\": 118,\r\n      \"absolute_position\": false\r\n    },\r\n    {\r\n      \"type\": \"text\",\r\n      \"cont\": \"<p class=\\\"_Body\\\">TV clip<br \/>Welthungerhilfe \u2013 \u201e1 Stunde gegen den Hunger\u201c (2012)<\/p>\",\r\n      \"align\": \"top\",\r\n      \"row\": 9,\r\n      \"col\": 4,\r\n      \"colspan\": 4,\r\n      \"offsetx\": 0,\r\n      \"offsety\": 0,\r\n      \"spaceabove\": 40,\r\n      \"spacebelow\": 16,\r\n      \"yvel\": 1,\r\n      \"push\": 0,\r\n      \"relid\": 5,\r\n      \"frameOverflow\": \"\",\r\n      \"absolute_position\": false\r\n    },\r\n    {\r\n      \"type\": \"text\",\r\n      \"cont\": \"<p class=\\\"_Body\\\">Moderation<br \/>Sat.1 \u2014 Nachrichten Intro (2015)<\/p>\",\r\n      \"align\": \"top\",\r\n      \"row\": 9,\r\n      \"col\": 8,\r\n      \"colspan\": 4,\r\n      \"offsetx\": 0,\r\n      \"offsety\": 0,\r\n      \"spaceabove\": 40,\r\n      \"spacebelow\": 16,\r\n      \"yvel\": 1,\r\n      \"push\": 0,\r\n      \"relid\": 7,\r\n      \"absolute_position\": false\r\n    },\r\n    {\r\n      \"type\": \"embed\",\r\n      \"cont\": \"<iframe title=\\\"Werbespot Sat 1 \u2013 \u201eSuper Sommer\u201c 2016\\\" width=\\\"500\\\" height=\\\"281\\\" src=\\\"https:\/\/www.youtube.com\/embed\/7eriQUHl0cc?feature=oembed\\\" frameborder=\\\"0\\\" allow=\\\"accelerometer; autoplay; clipboard-write; encrypted-media; gyroscope; picture-in-picture\\\" allowfullscreen><\/iframe>\",\r\n      \"align\": \"top\",\r\n      \"row\": 10,\r\n      \"col\": 0,\r\n      \"colspan\": 4,\r\n      \"offsetx\": 0,\r\n      \"offsety\": 0,\r\n      \"spaceabove\": 0,\r\n      \"spacebelow\": 40,\r\n      \"yvel\": 1,\r\n      \"push\": 0,\r\n      \"relid\": 9,\r\n      \"url\": \"https:\/\/youtu.be\/7eriQUHl0cc\",\r\n      \"w\": 500,\r\n      \"h\": 281,\r\n      \"absolute_position\": false\r\n    },\r\n    {\r\n      \"type\": \"embed\",\r\n      \"cont\": \"<iframe title=\\\"TV-Clip Welthungerhilfe \u2013 \u201e1 Stunde gegen den Hunger\u201c (2012)\\\" width=\\\"500\\\" height=\\\"281\\\" src=\\\"https:\/\/www.youtube.com\/embed\/qpAAQnSm6Dw?feature=oembed\\\" frameborder=\\\"0\\\" allow=\\\"accelerometer; autoplay; clipboard-write; encrypted-media; gyroscope; picture-in-picture\\\" allowfullscreen><\/iframe>\",\r\n      \"align\": \"top\",\r\n      \"row\": 10,\r\n      \"col\": 4,\r\n      \"colspan\": 4,\r\n      \"offsetx\": 0,\r\n      \"offsety\": 0,\r\n      \"spaceabove\": 0,\r\n      \"spacebelow\": 40,\r\n      \"yvel\": 1,\r\n      \"push\": 0,\r\n      \"relid\": 6,\r\n      \"url\": \"https:\/\/youtu.be\/qpAAQnSm6Dw\",\r\n      \"w\": 500,\r\n      \"h\": 281,\r\n      \"frameOverflow\": \"\",\r\n      \"absolute_position\": false\r\n    },\r\n    {\r\n      \"type\": \"embed\",\r\n      \"cont\": \"<iframe title=\\\"Sat. 1 - Nachrichten Intro 2015\\\" width=\\\"500\\\" height=\\\"281\\\" src=\\\"https:\/\/www.youtube.com\/embed\/TEiN48WYZH4?feature=oembed\\\" frameborder=\\\"0\\\" allow=\\\"accelerometer; autoplay; clipboard-write; encrypted-media; gyroscope; picture-in-picture\\\" allowfullscreen><\/iframe>\",\r\n      \"align\": \"top\",\r\n      \"row\": 10,\r\n      \"col\": 8,\r\n      \"colspan\": 4,\r\n      \"offsetx\": 0,\r\n      \"offsety\": 0,\r\n      \"spaceabove\": 0,\r\n      \"spacebelow\": 40,\r\n      \"yvel\": 1,\r\n      \"push\": 0,\r\n      \"relid\": 11,\r\n      \"url\": \"https:\/\/youtu.be\/TEiN48WYZH4\",\r\n      \"w\": 500,\r\n      \"h\": 281,\r\n      \"absolute_position\": false\r\n    }\r\n  ]\r\n}","phonegrid":"{\r\n  \"colCount\": 12,\r\n  \"colGutter\": 1,\r\n  \"rowGutters\": [\r\n    \"0\",\r\n    \"0\",\r\n    \"0\",\r\n    \"0\",\r\n    \"0\",\r\n    \"0\",\r\n    \"0\",\r\n    \"0\",\r\n    \"0\",\r\n    \"0\",\r\n    \"0\",\r\n    \"0\",\r\n    \"0\",\r\n    \"0\",\r\n    \"0\",\r\n    \"0\",\r\n    \"0\",\r\n    \"0\",\r\n    \"0\"\r\n  ],\r\n  \"frameMargin\": 5,\r\n  \"topFrameMargin\": 0,\r\n  \"bottomFrameMargin\": 0,\r\n  \"rowAttrs\": [\r\n    {\r\n      \"bgimage\": {\r\n        \"attid\": 145,\r\n        \"url\": \"\/wp-content\/uploads\/2021\/12\/GettyImages-182935792_bearbeitet-2bigger.jpg\",\r\n        \"sizes\": {\r\n          \"_1920\": {\r\n            \"w\": 1920,\r\n            \"h\": 1150,\r\n            \"url\": \"\/wp-content\/uploads\/2021\/12\/GettyImages-182935792_bearbeitet-2bigger-1920x1150.jpg\"\r\n          },\r\n          \"_1280\": {\r\n            \"w\": 1280,\r\n            \"h\": 767,\r\n            \"url\": \"\/wp-content\/uploads\/2021\/12\/GettyImages-182935792_bearbeitet-2bigger-1280x767.jpg\"\r\n          },\r\n          \"_1024\": {\r\n            \"w\": 1024,\r\n            \"h\": 613,\r\n            \"url\": \"\/wp-content\/uploads\/2021\/12\/GettyImages-182935792_bearbeitet-2bigger-1024x613.jpg\"\r\n          },\r\n          \"_768\": {\r\n            \"w\": 768,\r\n            \"h\": 460,\r\n            \"url\": \"\/wp-content\/uploads\/2021\/12\/GettyImages-182935792_bearbeitet-2bigger-768x460.jpg\"\r\n          },\r\n          \"_512\": {\r\n            \"w\": 512,\r\n            \"h\": 307,\r\n            \"url\": \"\/wp-content\/uploads\/2021\/12\/GettyImages-182935792_bearbeitet-2bigger-512x307.jpg\"\r\n          },\r\n          \"_265\": {\r\n            \"w\": 265,\r\n            \"h\": 159,\r\n            \"url\": \"\/wp-content\/uploads\/2021\/12\/GettyImages-182935792_bearbeitet-2bigger-265x159.jpg\"\r\n          }\r\n        }\r\n      },\r\n      \"relid\": 48\r\n    },\r\n    [],\r\n    [],\r\n    [],\r\n    [],\r\n    [],\r\n    [],\r\n    [],\r\n    [],\r\n    [],\r\n    [],\r\n    [],\r\n    [],\r\n    [],\r\n    [],\r\n    [],\r\n    [],\r\n    [],\r\n    [],\r\n    []\r\n  ],\r\n  \"bgColor\": null,\r\n  \"cont\": [\r\n    {\r\n      \"type\": \"text\",\r\n      \"cont\": \"<h1 class=\\\"_H1\\\" style=\\\"text-align: center;\\\">On Screen<\/h1><p class=\\\"_Body\\\" style=\\\"text-align: center;\\\">Das ist eine Auswahl verschiedener Auftritte und Eins\u00e4tze von Marc Bator als Moderator und Gast in der TV-Unterhaltung. Die Bandbreite seines Schaffens ist weit gr\u00f6\u00dfer. Bitte fordern Sie gerne Referenzen an und richten Sie Ihre Anfrage an die angegebenen Adressen unter <span style=\\\"text-decoration: underline;\\\"><a href=\\\"https:\/\/marcbator.de\/contact\/\\\" data-type=\\\"page\\\" data-id=\\\"66\\\" data-title=\\\"Contact DE\\\">CONTACT<\/a><\/span>.<\/p>\",\r\n      \"align\": \"bottom\",\r\n      \"row\": 1,\r\n      \"col\": 0,\r\n      \"colspan\": 12,\r\n      \"offsetx\": 0,\r\n      \"offsety\": 0,\r\n      \"spaceabove\": 80,\r\n      \"spacebelow\": 80,\r\n      \"yvel\": 1,\r\n      \"push\": 0,\r\n      \"relid\": 114,\r\n      \"absolute_position\": false\r\n    },\r\n    {\r\n      \"type\": \"text\",\r\n      \"cont\": \"<p class=\\\"_Body\\\">Moderation<br \/>ARD Tagesschau (2013)<\/p>\",\r\n      \"align\": \"middle\",\r\n      \"row\": 2,\r\n      \"col\": 0,\r\n      \"colspan\": 12,\r\n      \"offsetx\": 0,\r\n      \"offsety\": 0,\r\n      \"spaceabove\": 40,\r\n      \"spacebelow\": 16,\r\n      \"yvel\": 1,\r\n      \"push\": 0,\r\n      \"relid\": 22,\r\n      \"absolute_position\": false\r\n    },\r\n    {\r\n      \"type\": \"embed\",\r\n      \"cont\": \"<iframe title=\\\"Sat 1 \u2013 Sommerinterview Angela Merkel (2014)\\\" width=\\\"500\\\" height=\\\"281\\\" src=\\\"https:\/\/www.youtube.com\/embed\/ZoH2-4tV5tk?feature=oembed\\\" frameborder=\\\"0\\\" allow=\\\"accelerometer; autoplay; clipboard-write; encrypted-media; gyroscope; picture-in-picture\\\" allowfullscreen><\/iframe>\",\r\n      \"align\": \"top\",\r\n      \"row\": 3,\r\n      \"col\": 0,\r\n      \"colspan\": 12,\r\n      \"offsetx\": 0,\r\n      \"offsety\": 0,\r\n      \"spaceabove\": 0,\r\n      \"spacebelow\": 0,\r\n      \"yvel\": 1,\r\n      \"push\": 0,\r\n      \"relid\": 27,\r\n      \"url\": \"https:\/\/youtu.be\/ZoH2-4tV5tk\",\r\n      \"w\": 500,\r\n      \"h\": 281,\r\n      \"absolute_position\": false\r\n    },\r\n    {\r\n      \"type\": \"text\",\r\n      \"cont\": \"<p class=\\\"_Body\\\">Moderation<br \/>ARD Tagesschau (2013)<\/p>\",\r\n      \"align\": \"top\",\r\n      \"row\": 4,\r\n      \"col\": 0,\r\n      \"colspan\": 12,\r\n      \"offsetx\": 0,\r\n      \"offsety\": 0,\r\n      \"spaceabove\": 40,\r\n      \"spacebelow\": 16,\r\n      \"yvel\": 1,\r\n      \"push\": 0,\r\n      \"relid\": 24,\r\n      \"absolute_position\": false\r\n    },\r\n    {\r\n      \"type\": \"embed\",\r\n      \"cont\": \"<iframe title=\\\"Sat.1 \u2013 Deutscher Fernsehpreis (2013)\\\" width=\\\"500\\\" height=\\\"281\\\" src=\\\"https:\/\/www.youtube.com\/embed\/Wmt2kJbeVlk?feature=oembed\\\" frameborder=\\\"0\\\" allow=\\\"accelerometer; autoplay; clipboard-write; encrypted-media; gyroscope; picture-in-picture\\\" allowfullscreen><\/iframe>\",\r\n      \"align\": \"top\",\r\n      \"row\": 5,\r\n      \"col\": 0,\r\n      \"colspan\": 12,\r\n      \"offsetx\": 0,\r\n      \"offsety\": 0,\r\n      \"spaceabove\": 0,\r\n      \"spacebelow\": 0,\r\n      \"yvel\": 1,\r\n      \"push\": 0,\r\n      \"relid\": 28,\r\n      \"url\": \"https:\/\/youtu.be\/Wmt2kJbeVlk\",\r\n      \"w\": 500,\r\n      \"h\": 281,\r\n      \"absolute_position\": false\r\n    },\r\n    {\r\n      \"type\": \"text\",\r\n      \"cont\": \"<p class=\\\"_Body\\\">Moderation<br \/>ARD Tagesschau (2013)<\/p>\",\r\n      \"align\": \"top\",\r\n      \"row\": 6,\r\n      \"col\": 0,\r\n      \"colspan\": 12,\r\n      \"offsetx\": 0,\r\n      \"offsety\": 0,\r\n      \"spaceabove\": 40,\r\n      \"spacebelow\": 16,\r\n      \"yvel\": 1,\r\n      \"push\": 0,\r\n      \"relid\": 25,\r\n      \"absolute_position\": false\r\n    },\r\n    {\r\n      \"type\": \"embed\",\r\n      \"cont\": \"<iframe title=\\\"Sky90 \u2013 Fu\u00dfball-Talk (2011)\\\" width=\\\"500\\\" height=\\\"281\\\" src=\\\"https:\/\/www.youtube.com\/embed\/YluSFv_twgU?feature=oembed\\\" frameborder=\\\"0\\\" allow=\\\"accelerometer; autoplay; clipboard-write; encrypted-media; gyroscope; picture-in-picture\\\" allowfullscreen><\/iframe>\",\r\n      \"align\": \"top\",\r\n      \"row\": 7,\r\n      \"col\": 0,\r\n      \"colspan\": 12,\r\n      \"offsetx\": 0,\r\n      \"offsety\": 0,\r\n      \"spaceabove\": 0,\r\n      \"spacebelow\": 0,\r\n      \"yvel\": 1,\r\n      \"push\": 0,\r\n      \"relid\": 29,\r\n      \"url\": \"https:\/\/youtu.be\/YluSFv_twgU\",\r\n      \"w\": 500,\r\n      \"h\": 281,\r\n      \"absolute_position\": false\r\n    },\r\n    {\r\n      \"type\": \"text\",\r\n      \"cont\": \"<p class=\\\"_Body\\\">Moderation<br \/>ARD Tagesschau (2013)<\/p>\",\r\n      \"align\": \"top\",\r\n      \"row\": 8,\r\n      \"col\": 0,\r\n      \"colspan\": 12,\r\n      \"offsetx\": 0,\r\n      \"offsety\": 0,\r\n      \"spaceabove\": 40,\r\n      \"spacebelow\": 16,\r\n      \"yvel\": 1,\r\n      \"push\": 0,\r\n      \"relid\": 26,\r\n      \"absolute_position\": false\r\n    },\r\n    {\r\n      \"type\": \"embed\",\r\n      \"cont\": \"<iframe title=\\\"Sat.1 \u2013 Ich liebe Deutschland (2011)\\\" width=\\\"500\\\" height=\\\"281\\\" src=\\\"https:\/\/www.youtube.com\/embed\/5QMByMjHeT0?feature=oembed\\\" frameborder=\\\"0\\\" allow=\\\"accelerometer; autoplay; clipboard-write; encrypted-media; gyroscope; picture-in-picture\\\" allowfullscreen><\/iframe>\",\r\n      \"align\": \"top\",\r\n      \"row\": 9,\r\n      \"col\": 0,\r\n      \"colspan\": 12,\r\n      \"offsetx\": 0,\r\n      \"offsety\": 0,\r\n      \"spaceabove\": 0,\r\n      \"spacebelow\": 0,\r\n      \"yvel\": 1,\r\n      \"push\": 0,\r\n      \"relid\": 30,\r\n      \"url\": \"https:\/\/youtu.be\/5QMByMjHeT0\",\r\n      \"w\": 500,\r\n      \"h\": 281,\r\n      \"absolute_position\": false\r\n    },\r\n    {\r\n      \"type\": \"text\",\r\n      \"cont\": \"<p class=\\\"_Body\\\">Moderation<br \/>ARD Tagesschau (2013)<\/p>\",\r\n      \"align\": \"top\",\r\n      \"row\": 10,\r\n      \"col\": 0,\r\n      \"colspan\": 12,\r\n      \"offsetx\": 0,\r\n      \"offsety\": 0,\r\n      \"spaceabove\": 40,\r\n      \"spacebelow\": 16,\r\n      \"yvel\": 1,\r\n      \"push\": 0,\r\n      \"relid\": 113,\r\n      \"absolute_position\": false\r\n    },\r\n    {\r\n      \"type\": \"embed\",\r\n      \"cont\": \"<iframe title=\\\"ARD Tagesschau Moderation 2013\\\" width=\\\"500\\\" height=\\\"281\\\" src=\\\"https:\/\/www.youtube.com\/embed\/HK8mKYDXztY?feature=oembed\\\" frameborder=\\\"0\\\" allow=\\\"accelerometer; autoplay; clipboard-write; encrypted-media; gyroscope; picture-in-picture\\\" allowfullscreen><\/iframe>\",\r\n      \"align\": \"bottom\",\r\n      \"row\": 11,\r\n      \"col\": 0,\r\n      \"colspan\": 12,\r\n      \"offsetx\": 0,\r\n      \"offsety\": 0,\r\n      \"spaceabove\": 0,\r\n      \"spacebelow\": 0,\r\n      \"yvel\": 1,\r\n      \"push\": 0,\r\n      \"relid\": 4,\r\n      \"url\": \"https:\/\/youtu.be\/HK8mKYDXztY\",\r\n      \"w\": 500,\r\n      \"h\": 281,\r\n      \"frameOverflow\": \"\",\r\n      \"absolute_position\": false\r\n    },\r\n    {\r\n      \"type\": \"text\",\r\n      \"cont\": \"<p class=\\\"_Body\\\">TV spot<br \/>ProSiebenSat1 Media AG \u2013 \u201eGeh w\u00e4hlen\u201c (2013)<\/p>\",\r\n      \"align\": \"bottom\",\r\n      \"row\": 12,\r\n      \"col\": 0,\r\n      \"colspan\": 12,\r\n      \"offsetx\": 0,\r\n      \"offsety\": 0,\r\n      \"spaceabove\": 40,\r\n      \"spacebelow\": 16,\r\n      \"yvel\": 1,\r\n      \"push\": 0,\r\n      \"relid\": 116,\r\n      \"absolute_position\": false\r\n    },\r\n    {\r\n      \"type\": \"embed\",\r\n      \"cont\": \"<iframe title=\\\"TV Clip ProSiebenSat1 Media AG \u2013 \u201eGeh w\u00e4hlen\u201c (2013)\\\" width=\\\"500\\\" height=\\\"281\\\" src=\\\"https:\/\/www.youtube.com\/embed\/6o31hsJ84oU?feature=oembed\\\" frameborder=\\\"0\\\" allow=\\\"accelerometer; autoplay; clipboard-write; encrypted-media; gyroscope; picture-in-picture\\\" allowfullscreen><\/iframe>\",\r\n      \"align\": \"bottom\",\r\n      \"row\": 13,\r\n      \"col\": 0,\r\n      \"colspan\": 12,\r\n      \"offsetx\": 0,\r\n      \"offsety\": 0,\r\n      \"spaceabove\": 0,\r\n      \"spacebelow\": 0,\r\n      \"yvel\": 1,\r\n      \"push\": 0,\r\n      \"relid\": 10,\r\n      \"url\": \"https:\/\/youtu.be\/6o31hsJ84oU\",\r\n      \"w\": 500,\r\n      \"h\": 281,\r\n      \"frameOverflow\": \"\",\r\n      \"absolute_position\": false\r\n    },\r\n    {\r\n      \"type\": \"text\",\r\n      \"cont\": \"<p class=\\\"_Body\\\">TV spot<br \/>Sat.1 \u2014 \u201eSuper-Sommer\u201c (2016)<\/p>\",\r\n      \"align\": \"bottom\",\r\n      \"row\": 14,\r\n      \"col\": 0,\r\n      \"colspan\": 12,\r\n      \"offsetx\": 0,\r\n      \"offsety\": 0,\r\n      \"spaceabove\": 40,\r\n      \"spacebelow\": 16,\r\n      \"yvel\": 1,\r\n      \"push\": 0,\r\n      \"relid\": 118,\r\n      \"frameOverflow\": \"\",\r\n      \"absolute_position\": false\r\n    },\r\n    {\r\n      \"type\": \"embed\",\r\n      \"cont\": \"<iframe title=\\\"Werbespot Sat 1 \u2013 \u201eSuper Sommer\u201c 2016\\\" width=\\\"500\\\" height=\\\"281\\\" src=\\\"https:\/\/www.youtube.com\/embed\/7eriQUHl0cc?feature=oembed\\\" frameborder=\\\"0\\\" allow=\\\"accelerometer; autoplay; clipboard-write; encrypted-media; gyroscope; picture-in-picture\\\" allowfullscreen><\/iframe>\",\r\n      \"align\": \"bottom\",\r\n      \"row\": 15,\r\n      \"col\": 0,\r\n      \"colspan\": 12,\r\n      \"offsetx\": 0,\r\n      \"offsety\": 0,\r\n      \"spaceabove\": 0,\r\n      \"spacebelow\": 0,\r\n      \"yvel\": 1,\r\n      \"push\": 0,\r\n      \"relid\": 9,\r\n      \"url\": \"https:\/\/youtu.be\/7eriQUHl0cc\",\r\n      \"w\": 500,\r\n      \"h\": 281,\r\n      \"frameOverflow\": \"\",\r\n      \"absolute_position\": false\r\n    },\r\n    {\r\n      \"type\": \"text\",\r\n      \"cont\": \"<p class=\\\"_Body\\\">TV clip<br \/>Welthungerhilfe \u2013 \u201e1 Stunde gegen den Hunger\u201c (2012)<\/p>\",\r\n      \"align\": \"bottom\",\r\n      \"row\": 16,\r\n      \"col\": 0,\r\n      \"colspan\": 12,\r\n      \"offsetx\": 0,\r\n      \"offsety\": 0,\r\n      \"spaceabove\": 40,\r\n      \"spacebelow\": 16,\r\n      \"yvel\": 1,\r\n      \"push\": 0,\r\n      \"relid\": 5,\r\n      \"frameOverflow\": \"\",\r\n      \"absolute_position\": false\r\n    },\r\n    {\r\n      \"type\": \"embed\",\r\n      \"cont\": \"<iframe title=\\\"TV-Clip Welthungerhilfe \u2013 \u201e1 Stunde gegen den Hunger\u201c (2012)\\\" width=\\\"500\\\" height=\\\"281\\\" src=\\\"https:\/\/www.youtube.com\/embed\/qpAAQnSm6Dw?feature=oembed\\\" frameborder=\\\"0\\\" allow=\\\"accelerometer; autoplay; clipboard-write; encrypted-media; gyroscope; picture-in-picture\\\" allowfullscreen><\/iframe>\",\r\n      \"align\": \"top\",\r\n      \"row\": 17,\r\n      \"col\": 0,\r\n      \"colspan\": 12,\r\n      \"offsetx\": 0,\r\n      \"offsety\": 0,\r\n      \"spaceabove\": 0,\r\n      \"spacebelow\": 0,\r\n      \"yvel\": 1,\r\n      \"push\": 0,\r\n      \"relid\": 6,\r\n      \"url\": \"https:\/\/youtu.be\/qpAAQnSm6Dw\",\r\n      \"w\": 500,\r\n      \"h\": 281,\r\n      \"absolute_position\": false\r\n    },\r\n    {\r\n      \"type\": \"text\",\r\n      \"cont\": \"<p class=\\\"_Body\\\">Moderation<br \/>Sat.1 \u2014 Nachrichten Intro (2015)<\/p>\",\r\n      \"align\": \"bottom\",\r\n      \"row\": 18,\r\n      \"col\": 0,\r\n      \"colspan\": 12,\r\n      \"offsetx\": 0,\r\n      \"offsety\": 0,\r\n      \"spaceabove\": 40,\r\n      \"spacebelow\": 16,\r\n      \"yvel\": 1,\r\n      \"push\": 0,\r\n      \"relid\": 7,\r\n      \"absolute_position\": false\r\n    },\r\n    {\r\n      \"type\": \"embed\",\r\n      \"cont\": \"<iframe title=\\\"Sat. 1 - Nachrichten Intro 2015\\\" width=\\\"500\\\" height=\\\"281\\\" src=\\\"https:\/\/www.youtube.com\/embed\/TEiN48WYZH4?feature=oembed\\\" frameborder=\\\"0\\\" allow=\\\"accelerometer; autoplay; clipboard-write; encrypted-media; gyroscope; picture-in-picture\\\" allowfullscreen><\/iframe>\",\r\n      \"align\": \"top\",\r\n      \"row\": 19,\r\n      \"col\": 0,\r\n      \"colspan\": 12,\r\n      \"offsetx\": 0,\r\n      \"offsety\": 0,\r\n      \"spaceabove\": 0,\r\n      \"spacebelow\": 40,\r\n      \"yvel\": 1,\r\n      \"push\": 0,\r\n      \"relid\": 11,\r\n      \"url\": \"https:\/\/youtu.be\/TEiN48WYZH4\",\r\n      \"w\": 500,\r\n      \"h\": 281,\r\n      \"absolute_position\": false\r\n    }\r\n  ]\r\n}","_links":{"self":[{"href":"https:\/\/marcbator.de\/en\/wp-json\/wp\/v2\/pages\/37","targetHints":{"allow":["GET"]}}],"collection":[{"href":"https:\/\/marcbator.de\/en\/wp-json\/wp\/v2\/pages"}],"about":[{"href":"https:\/\/marcbator.de\/en\/wp-json\/wp\/v2\/types\/page"}],"author":[{"embeddable":true,"href":"https:\/\/marcbator.de\/en\/wp-json\/wp\/v2\/users\/1"}],"replies":[{"embeddable":true,"href":"https:\/\/marcbator.de\/en\/wp-json\/wp\/v2\/comments?post=37"}],"version-history":[{"count":0,"href":"https:\/\/marcbator.de\/en\/wp-json\/wp\/v2\/pages\/37\/revisions"}],"wp:attachment":[{"href":"https:\/\/marcbator.de\/en\/wp-json\/wp\/v2\/media?parent=37"}],"curies":[{"name":"wp","href":"https:\/\/api.w.org\/{rel}","templated":true}]}}